{"id":4470,"date":"2026-07-30T15:18:53","date_gmt":"2026-07-30T13:18:53","guid":{"rendered":"https:\/\/medilas.ch\/veranstaltung\/congres-annuel-2026-de-la-sso-du-26-au-28-aout-2026\/"},"modified":"2026-07-30T15:18:53","modified_gmt":"2026-07-30T13:18:53","slug":"congres-annuel-2026-de-la-sso-du-26-au-28-aout-2026","status":"publish","type":"tribe_events","link":"https:\/\/medilas.ch\/fr\/veranstaltung\/congres-annuel-2026-de-la-sso-du-26-au-28-aout-2026\/","title":{"rendered":"Congr\u00e8s annuel 2026 de la SSO | Du 26 au 28 ao\u00fbt 2026"},"content":{"rendered":"<h3>Venez rencontrer Medilas au congr\u00e8s annuel 2026 de la SSO \u00e0 Lausanne<\/h3>\n<p>Du <strong>26 au 28 ao\u00fbt 2026<\/strong>, Medilas sera pr\u00e9sent au <strong>119e congr\u00e8s annuel de la Soci\u00e9t\u00e9 suisse d&rsquo;ophtalmologie (SSO)<\/strong> au <strong>SwissTech Convention Center de Lausanne.<\/strong><\/p>\n<p>Aux stands <strong>22 et 30A<\/strong>, nous vous pr\u00e9sentons des technologies innovantes et des solutions d&rsquo;avenir pour l&rsquo;ophtalmologie moderne. D\u00e9couvrez les derni\u00e8res avanc\u00e9es dans les domaines du diagnostic, de la chirurgie de la cataracte, de la chirurgie vitr\u00e9o-r\u00e9tinienne, de la chirurgie r\u00e9fractive ainsi que de l&rsquo;\u00e9quipement des cabinets, et d\u00e9couvrez comment les syst\u00e8mes modernes am\u00e9liorent l&rsquo;efficacit\u00e9, la pr\u00e9cision et la s\u00e9curit\u00e9 au quotidien en milieu clinique. <\/p>\n<p><strong>Cinq innovations. Cinq fabricants de renom. Un seul interlocuteur.<\/strong><br \/>\nEn tant que partenaire commercial suisse de fabricants internationaux de premier plan, Medilas offre non seulement l&rsquo;acc\u00e8s aux technologies les plus modernes, mais aussi des conseils personnalis\u00e9s, une assistance technique et une gamme compl\u00e8te de prestations de service sur place.<\/p>\n<p>Lors du congr\u00e8s de la SOG, nous vous pr\u00e9senterons cinq nouveaut\u00e9s s\u00e9lectionn\u00e9es :<\/p>\n<p><img loading=\"lazy\" decoding=\"async\" class=\"alignnone wp-image-4349 size-large\" src=\"https:\/\/medilas.ch\/wp-content\/uploads\/2026\/07\/Medilas-Produktvorstellung_SOG2026-1200x851.webp\" alt=\"Pr\u00e9sentation des produits Medilas_SOG2026\" width=\"1200\" height=\"851\" srcset=\"https:\/\/medilas.ch\/wp-content\/uploads\/2026\/07\/Medilas-Produktvorstellung_SOG2026-1200x851.webp 1200w, https:\/\/medilas.ch\/wp-content\/uploads\/2026\/07\/Medilas-Produktvorstellung_SOG2026-500x355.webp 500w, https:\/\/medilas.ch\/wp-content\/uploads\/2026\/07\/Medilas-Produktvorstellung_SOG2026-300x213.webp 300w, https:\/\/medilas.ch\/wp-content\/uploads\/2026\/07\/Medilas-Produktvorstellung_SOG2026-768x545.webp 768w, https:\/\/medilas.ch\/wp-content\/uploads\/2026\/07\/Medilas-Produktvorstellung_SOG2026-106x75.webp 106w, https:\/\/medilas.ch\/wp-content\/uploads\/2026\/07\/Medilas-Produktvorstellung_SOG2026-480x340.webp 480w, https:\/\/medilas.ch\/wp-content\/uploads\/2026\/07\/Medilas-Produktvorstellung_SOG2026-600x425.webp 600w\" sizes=\"auto, (max-width:767px) 480px, (max-width:1200px) 100vw, 1200px\" \/><\/p>\n<p>&nbsp;<\/p>\n<p style=\"text-align: left;\"><strong>Wagner &#038; Guder \u2013 CUBE FUSION<\/strong><br \/>\nLa nouvelle unit\u00e9 d&rsquo;examen CUBE FUSION allie un design moderne \u00e0 une fonctionnalit\u00e9 bien pens\u00e9e. Elle optimise les flux de travail dans les cabinets et les cliniques, am\u00e9liore le confort d&rsquo;utilisation et cr\u00e9e en m\u00eame temps un environnement d&rsquo;examen agr\u00e9able pour les patients. <\/p>\n<p style=\"text-align: left;\"><strong>TOMEY \u2013 LENY\u00ae<\/strong><br \/>\nAvec LENY\u00ae, TOMEY pr\u00e9sente une solution innovante pour l&rsquo;analyse automatis\u00e9e des verres de lunettes. Le syst\u00e8me fournit des r\u00e9sultats de mesure pr\u00e9cis en quelques secondes et favorise un flux de travail efficace dans les cabinets d&rsquo;ophtalmologie et les magasins d&rsquo;optique. <\/p>\n<p style=\"text-align: left;\"><strong>Ophtec \u2013 Gamme de lentilles intraoculaires HORIZON<\/strong><br \/>\nLa plateforme de lentilles intraoculaires hydrophobes HORIZON a \u00e9t\u00e9 d\u00e9velopp\u00e9e pour offrir d&rsquo;excellentes performances visuelles \u00e0 diff\u00e9rentes distances. Cette gamme de produits flexible propose des solutions personnalis\u00e9es adapt\u00e9es aux diff\u00e9rents besoins des patients et permet d&rsquo;obtenir des r\u00e9sultats r\u00e9fractifs pr\u00e9cis. <\/p>\n<p style=\"text-align: left;\"><strong>SharpView \u2013 EyeMax Mono<\/strong><br \/>\nL&rsquo;EyeMax Mono a \u00e9t\u00e9 sp\u00e9cialement con\u00e7u pour optimiser la qualit\u00e9 de l&rsquo;image sur l&rsquo;ensemble de la macula. Sa conception optique unique peut contribuer \u00e0 am\u00e9liorer la qualit\u00e9 de la vision, en particulier chez les patients atteints de maladies r\u00e9tiniennes. <\/p>\n<p style=\"text-align: left;\"><strong>Geuder \u2013 Vivos<\/strong><br \/>\nAvec Vivos, Geuder \u00e9tablit de nouvelles r\u00e9f\u00e9rences en mati\u00e8re de chirurgie de la cataracte et de chirurgie vitr\u00e9o-r\u00e9tinienne. Cette technologie garantit une stabilit\u00e9 de pression exceptionnelle et une dynamique des fluides contr\u00f4l\u00e9e, m\u00eame dans les situations chirurgicales complexes, permettant ainsi des interventions pr\u00e9cises et s\u00fbres. <\/p>\n<p>&nbsp;<\/p>\n<h3>Notre portefeuille en un coup d&rsquo;\u0153il<\/h3>\n<p>Outre les nouveaut\u00e9s pr\u00e9sent\u00e9es, vous d\u00e9couvrirez notre gamme compl\u00e8te de produits destin\u00e9s \u00e0 l&rsquo;ophtalmologie moderne :<br \/>\nAuto-r\u00e9fracto-k\u00e9ratom\u00e8tres<\/p>\n<ul>\n<li>Biom\u00e8tre<\/li>\n<li>Diagnostic et traitement de la s\u00e9cheresse oculaire<\/li>\n<li>Microscopes endoth\u00e9liaux<\/li>\n<li>Cam\u00e9ras de fond d&rsquo;\u0153il<\/li>\n<li>Syst\u00e8mes laser pour les segments ant\u00e9rieur et post\u00e9rieur de l&rsquo;\u0153il<\/li>\n<li>Lensm\u00e8tre<\/li>\n<li>Syst\u00e8mes OCT<\/li>\n<li>P\u00e9rim\u00e8tre<\/li>\n<li>Phoropt\u00e8res et \u00e9crans<\/li>\n<li>Tonom\u00e8tre<\/li>\n<li>Appareils \u00e0 ultrasons<\/li>\n<li>Unit\u00e9s d&rsquo;examen<\/li>\n<\/ul>\n<p>&nbsp;<\/p>\n<h3><span class=\"highlight highlight-\" ><\/h3>\n<h3>Conseils personnalis\u00e9s et d\u00e9monstrations pratiques<\/h3>\n<h3><\/span>\n<\/h3>\n<p>Profitez de cette occasion pour planifier \u00e0 l&rsquo;avance votre visite au congr\u00e8s et prenez rendez-vous avec nos sp\u00e9cialistes produits. Sur notre stand, nous proposons des entretiens de conseil personnalis\u00e9s ainsi que des d\u00e9monstrations pratiques sur une s\u00e9lection de techniques et de technologies chirurgicales. <\/p>\n<p>Les th\u00e8mes suivants peuvent \u00eatre r\u00e9serv\u00e9s \u00e0 l&rsquo;avance :<\/p>\n<ul>\n<li>Implantation Artisan\u00ae<\/li>\n<li>Lentilles intraoculaires (LIO)<\/li>\n<li>Microscopes chirurgicaux ZEISS<\/li>\n<li>Phaco\u00e9mulsification<\/li>\n<li>Technique Yamane<\/li>\n<\/ul>\n<p>Nos experts se tiennent \u00e0 votre disposition pour des discussions techniques, des d\u00e9monstrations de produits et des \u00e9changes d&rsquo;exp\u00e9riences personnels.<\/p>\n<h4>R\u00e9servez d\u00e8s aujourd&rsquo;hui votre rendez-vous et assurez-vous de b\u00e9n\u00e9ficier d&rsquo;un conseil personnalis\u00e9 lors du congr\u00e8s annuel 2026 de la SOG.<\/h4>\n<h3><span class=\"highlight highlight-\" ><\/h3>\n<h3>Ateliers au SOG 2026<\/h3>\n<h3><\/span>\n<\/h3>\n<div class=\"column one-second mobile-one\"><div class=\"mcb-column-inner\"><\/p>\n<p><strong>Atelier sur le laser r\u00e9tinien avec Easyret<\/strong><\/p>\n<p>D\u00e9couvrez la technologie moderne du laser r\u00e9tinien dans le cadre d&rsquo;un atelier ax\u00e9 sur la pratique. Sous la houlette d&rsquo;experts, les participants acqui\u00e8rent une pr\u00e9cieuse exp\u00e9rience pratique directement sur l&rsquo;appareil. <\/p>\n<p><strong>Date <\/strong>: 26 ao\u00fbt 2026<br \/>\nLieu : Garden 3BC<\/p>\n<p><strong>Groupe 1 :<\/strong> de 8 h 30 \u00e0 10 h 30<br \/>\n<strong>Groupe 2 <\/strong>: de 11 h \u00e0 13 h<\/p>\n<p><\/div><\/div>\n\n<div class=\"column one-second mobile-one\"><div class=\"mcb-column-inner\"><\/p>\n<p><strong>YSO \u00ab My Cataract Journey \u00bb \u2013 Atelier pratique sur la cataracte<\/strong><\/p>\n<p>Cet atelier de deux jours offre aux chirurgiens de la cataracte, qu&rsquo;ils soient d\u00e9butants ou exp\u00e9riment\u00e9s, la possibilit\u00e9 de perfectionner leurs comp\u00e9tences gr\u00e2ce \u00e0 des stations de formation proches de la r\u00e9alit\u00e9. Des syst\u00e8mes modernes et des exercices pratiques cr\u00e9ent les conditions id\u00e9ales pour une formation pratique intensive. <\/p>\n<p><strong>Date et heure<\/strong><\/p>\n<p><strong>26 ao\u00fbt 2026<\/strong><br \/>\n14 h 30 \u2013 18 h 30<\/p>\n<p><strong>27 ao\u00fbt 2026<\/strong><br \/>\n8 h \u2013 12 h<\/p>\n<p><\/div><\/div>\n\n<h4><strong>Lieu de l&rsquo;\u00e9v\u00e9nement<\/strong><\/h4>\n<p><strong>Garden 5ABC<\/strong> ainsi que le P<strong>atio Foyer situ\u00e9 devant Garden 5ABC (niveau Garden)<\/strong><\/p>\n<p>\ud83d\udccd <strong>Die Medilas-Trainingsstation befindet sich im Patio Foyer.<\/strong><\/p>\n<p><strong>Services Medilas<\/strong><\/p>\n<p><strong>Station 1<\/strong><\/p>\n<ul>\n<li>Appareil \u00e0 ultrasons TOMEY UD-800<\/li>\n<\/ul>\n<p><strong>\u00c9tapes 6 et 7<\/strong><\/p>\n<ul>\n<li>Dorc EVA Nexus<\/li>\n<li>Microscope chirurgical \u00e9quip\u00e9 d&rsquo;une cam\u00e9ra ou d&rsquo;un syst\u00e8me d&rsquo;observation<\/li>\n<li>Geuder S4HPS<\/li>\n<li>IOL-Muster<\/li>\n<\/ul>\n<hr class=\"\" style=\"margin:0 auto 30px;\"\/>\n\n<p><strong>Nous nous r\u00e9jouissons de votre visite<\/strong><br \/>\nVenez rendre visite \u00e0 Medilas aux <strong>stands 22 et 30A<\/strong> et d\u00e9couvrez des solutions innovantes pour le diagnostic, la chirurgie et la gestion des cabinets. B\u00e9n\u00e9ficiez de conseils personnalis\u00e9s, testez les derni\u00e8res technologies et d\u00e9couvrez comment les syst\u00e8mes ophtalmologiques modernes peuvent faciliter durablement le quotidien des cliniques et des cabinets. <\/p>\n<p><strong>Medilas \u2013 Votre partenaire de confiance pour l&rsquo;ophtalmologie moderne en Suisse<\/strong><\/p>\n","protected":false},"excerpt":{"rendered":"<p>Venez rencontrer Medilas au congr\u00e8s annuel 2026 de la SSO \u00e0 Lausanne Du 26 au 28 ao\u00fbt 2026, Medilas sera<span class=\"excerpt-hellip\"> [\u2026]<\/span><\/p>\n","protected":false},"author":1,"featured_media":4471,"template":"","meta":{"_tribe_events_status":"","_tribe_events_status_reason":"","footnotes":""},"tags":[474],"tribe_events_cat":[475],"class_list":["post-4470","tribe_events","type-tribe_events","status-publish","has-post-thumbnail","hentry","tag-sso-2026","tribe_events_cat-congres","cat_congres"],"yoast_head":"<!-- This site is optimized with the Yoast SEO plugin v28.3 - https:\/\/yoast.com\/product\/yoast-seo-wordpress\/ -->\n<title>Congr\u00e8s annuel 2026 de la SSO | Du 26 au 28 ao\u00fbt 2026 - Medilas AG | Ophthalmologie und Augenchirurgie Schweiz<\/title>\n<meta name=\"description\" content=\"Du 26 au 28 ao\u00fbt 2026, Medilas sera pr\u00e9sent au 119e congr\u00e8s annuel de la Soci\u00e9t\u00e9 suisse d&#039;ophtalmologie (SOG) au SwissTech Convention Center de Lausanne.\" \/>\n<meta name=\"robots\" content=\"index, follow, max-snippet:-1, max-image-preview:large, max-video-preview:-1\" \/>\n<link rel=\"canonical\" href=\"https:\/\/medilas.ch\/fr\/veranstaltung\/congres-annuel-2026-de-la-sso-du-26-au-28-aout-2026\/\" \/>\n<meta property=\"og:locale\" content=\"fr_FR\" \/>\n<meta property=\"og:type\" content=\"article\" \/>\n<meta property=\"og:title\" content=\"Congr\u00e8s annuel 2026 de la SSO | Du 26 au 28 ao\u00fbt 2026 - Medilas AG | Ophthalmologie und Augenchirurgie Schweiz\" \/>\n<meta property=\"og:description\" content=\"Du 26 au 28 ao\u00fbt 2026, Medilas sera pr\u00e9sent au 119e congr\u00e8s annuel de la Soci\u00e9t\u00e9 suisse d&#039;ophtalmologie (SOG) au SwissTech Convention Center de Lausanne.\" \/>\n<meta property=\"og:url\" content=\"https:\/\/medilas.ch\/fr\/veranstaltung\/congres-annuel-2026-de-la-sso-du-26-au-28-aout-2026\/\" \/>\n<meta property=\"og:site_name\" content=\"Medilas AG | Ophthalmologie und Augenchirurgie Schweiz\" \/>\n<meta property=\"og:image\" content=\"https:\/\/medilas.ch\/wp-content\/uploads\/2026\/07\/Banner-SOG-2026.webp\" \/>\n\t<meta property=\"og:image:width\" content=\"1390\" \/>\n\t<meta property=\"og:image:height\" content=\"271\" \/>\n\t<meta property=\"og:image:type\" content=\"image\/webp\" \/>\n<meta name=\"twitter:card\" content=\"summary_large_image\" \/>\n<meta name=\"twitter:label1\" content=\"Dur\u00e9e de lecture estim\u00e9e\" \/>\n\t<meta name=\"twitter:data1\" content=\"5 minutes\" \/>\n<script type=\"application\/ld+json\" class=\"yoast-schema-graph\">{\"@context\":\"https:\\\/\\\/schema.org\",\"@graph\":[{\"@type\":\"WebPage\",\"@id\":\"https:\\\/\\\/medilas.ch\\\/fr\\\/veranstaltung\\\/congres-annuel-2026-de-la-sso-du-26-au-28-aout-2026\\\/\",\"url\":\"https:\\\/\\\/medilas.ch\\\/fr\\\/veranstaltung\\\/congres-annuel-2026-de-la-sso-du-26-au-28-aout-2026\\\/\",\"name\":\"Congr\u00e8s annuel 2026 de la SSO | Du 26 au 28 ao\u00fbt 2026 - Medilas AG | Ophthalmologie und Augenchirurgie Schweiz\",\"isPartOf\":{\"@id\":\"https:\\\/\\\/medilas.ch\\\/fr\\\/#website\"},\"primaryImageOfPage\":{\"@id\":\"https:\\\/\\\/medilas.ch\\\/fr\\\/veranstaltung\\\/congres-annuel-2026-de-la-sso-du-26-au-28-aout-2026\\\/#primaryimage\"},\"image\":{\"@id\":\"https:\\\/\\\/medilas.ch\\\/fr\\\/veranstaltung\\\/congres-annuel-2026-de-la-sso-du-26-au-28-aout-2026\\\/#primaryimage\"},\"thumbnailUrl\":\"https:\\\/\\\/medilas.ch\\\/wp-content\\\/uploads\\\/2026\\\/07\\\/Banner-SOG-2026.webp\",\"datePublished\":\"2026-07-30T13:18:53+00:00\",\"description\":\"Du 26 au 28 ao\u00fbt 2026, Medilas sera pr\u00e9sent au 119e congr\u00e8s annuel de la Soci\u00e9t\u00e9 suisse d'ophtalmologie (SOG) au SwissTech Convention Center de Lausanne.\",\"breadcrumb\":{\"@id\":\"https:\\\/\\\/medilas.ch\\\/fr\\\/veranstaltung\\\/congres-annuel-2026-de-la-sso-du-26-au-28-aout-2026\\\/#breadcrumb\"},\"inLanguage\":\"fr-FR\",\"potentialAction\":[{\"@type\":\"ReadAction\",\"target\":[\"https:\\\/\\\/medilas.ch\\\/fr\\\/veranstaltung\\\/congres-annuel-2026-de-la-sso-du-26-au-28-aout-2026\\\/\"]}]},{\"@type\":\"ImageObject\",\"inLanguage\":\"fr-FR\",\"@id\":\"https:\\\/\\\/medilas.ch\\\/fr\\\/veranstaltung\\\/congres-annuel-2026-de-la-sso-du-26-au-28-aout-2026\\\/#primaryimage\",\"url\":\"https:\\\/\\\/medilas.ch\\\/wp-content\\\/uploads\\\/2026\\\/07\\\/Banner-SOG-2026.webp\",\"contentUrl\":\"https:\\\/\\\/medilas.ch\\\/wp-content\\\/uploads\\\/2026\\\/07\\\/Banner-SOG-2026.webp\",\"width\":1390,\"height\":271},{\"@type\":\"BreadcrumbList\",\"@id\":\"https:\\\/\\\/medilas.ch\\\/fr\\\/veranstaltung\\\/congres-annuel-2026-de-la-sso-du-26-au-28-aout-2026\\\/#breadcrumb\",\"itemListElement\":[{\"@type\":\"ListItem\",\"position\":1,\"name\":\"Start\",\"item\":\"https:\\\/\\\/medilas.ch\\\/fr\\\/\"},{\"@type\":\"ListItem\",\"position\":2,\"name\":\"\u00c9v\u00e8nements\",\"item\":\"https:\\\/\\\/medilas.ch\\\/fr\\\/veranstaltungen\\\/\"},{\"@type\":\"ListItem\",\"position\":3,\"name\":\"Congr\u00e8s annuel 2026 de la SSO | Du 26 au 28 ao\u00fbt 2026\"}]},{\"@type\":\"WebSite\",\"@id\":\"https:\\\/\\\/medilas.ch\\\/fr\\\/#website\",\"url\":\"https:\\\/\\\/medilas.ch\\\/fr\\\/\",\"name\":\"Medilas AG | Ophthalmologie und Augenchirurgie Schweiz\",\"description\":\"Hochwertige Produkte, Instrumente und L\u00f6sungen f\u00fcr Augen\u00e4rzte, Kliniken und ambulante OP-Zentren.\",\"potentialAction\":[{\"@type\":\"SearchAction\",\"target\":{\"@type\":\"EntryPoint\",\"urlTemplate\":\"https:\\\/\\\/medilas.ch\\\/fr\\\/?s={search_term_string}\"},\"query-input\":{\"@type\":\"PropertyValueSpecification\",\"valueRequired\":true,\"valueName\":\"search_term_string\"}}],\"inLanguage\":\"fr-FR\"}]}<\/script>\n<!-- \/ Yoast SEO plugin. -->","yoast_head_json":{"title":"Congr\u00e8s annuel 2026 de la SSO | Du 26 au 28 ao\u00fbt 2026 - Medilas AG | Ophthalmologie und Augenchirurgie Schweiz","description":"Du 26 au 28 ao\u00fbt 2026, Medilas sera pr\u00e9sent au 119e congr\u00e8s annuel de la Soci\u00e9t\u00e9 suisse d'ophtalmologie (SOG) au SwissTech Convention Center de Lausanne.","robots":{"index":"index","follow":"follow","max-snippet":"max-snippet:-1","max-image-preview":"max-image-preview:large","max-video-preview":"max-video-preview:-1"},"canonical":"https:\/\/medilas.ch\/fr\/veranstaltung\/congres-annuel-2026-de-la-sso-du-26-au-28-aout-2026\/","og_locale":"fr_FR","og_type":"article","og_title":"Congr\u00e8s annuel 2026 de la SSO | Du 26 au 28 ao\u00fbt 2026 - Medilas AG | Ophthalmologie und Augenchirurgie Schweiz","og_description":"Du 26 au 28 ao\u00fbt 2026, Medilas sera pr\u00e9sent au 119e congr\u00e8s annuel de la Soci\u00e9t\u00e9 suisse d'ophtalmologie (SOG) au SwissTech Convention Center de Lausanne.","og_url":"https:\/\/medilas.ch\/fr\/veranstaltung\/congres-annuel-2026-de-la-sso-du-26-au-28-aout-2026\/","og_site_name":"Medilas AG | Ophthalmologie und Augenchirurgie Schweiz","og_image":[{"width":1390,"height":271,"url":"https:\/\/medilas.ch\/wp-content\/uploads\/2026\/07\/Banner-SOG-2026.webp","type":"image\/webp"}],"twitter_card":"summary_large_image","twitter_misc":{"Dur\u00e9e de lecture estim\u00e9e":"5 minutes"},"schema":{"@context":"https:\/\/schema.org","@graph":[{"@type":"WebPage","@id":"https:\/\/medilas.ch\/fr\/veranstaltung\/congres-annuel-2026-de-la-sso-du-26-au-28-aout-2026\/","url":"https:\/\/medilas.ch\/fr\/veranstaltung\/congres-annuel-2026-de-la-sso-du-26-au-28-aout-2026\/","name":"Congr\u00e8s annuel 2026 de la SSO | Du 26 au 28 ao\u00fbt 2026 - Medilas AG | Ophthalmologie und Augenchirurgie Schweiz","isPartOf":{"@id":"https:\/\/medilas.ch\/fr\/#website"},"primaryImageOfPage":{"@id":"https:\/\/medilas.ch\/fr\/veranstaltung\/congres-annuel-2026-de-la-sso-du-26-au-28-aout-2026\/#primaryimage"},"image":{"@id":"https:\/\/medilas.ch\/fr\/veranstaltung\/congres-annuel-2026-de-la-sso-du-26-au-28-aout-2026\/#primaryimage"},"thumbnailUrl":"https:\/\/medilas.ch\/wp-content\/uploads\/2026\/07\/Banner-SOG-2026.webp","datePublished":"2026-07-30T13:18:53+00:00","description":"Du 26 au 28 ao\u00fbt 2026, Medilas sera pr\u00e9sent au 119e congr\u00e8s annuel de la Soci\u00e9t\u00e9 suisse d'ophtalmologie (SOG) au SwissTech Convention Center de Lausanne.","breadcrumb":{"@id":"https:\/\/medilas.ch\/fr\/veranstaltung\/congres-annuel-2026-de-la-sso-du-26-au-28-aout-2026\/#breadcrumb"},"inLanguage":"fr-FR","potentialAction":[{"@type":"ReadAction","target":["https:\/\/medilas.ch\/fr\/veranstaltung\/congres-annuel-2026-de-la-sso-du-26-au-28-aout-2026\/"]}]},{"@type":"ImageObject","inLanguage":"fr-FR","@id":"https:\/\/medilas.ch\/fr\/veranstaltung\/congres-annuel-2026-de-la-sso-du-26-au-28-aout-2026\/#primaryimage","url":"https:\/\/medilas.ch\/wp-content\/uploads\/2026\/07\/Banner-SOG-2026.webp","contentUrl":"https:\/\/medilas.ch\/wp-content\/uploads\/2026\/07\/Banner-SOG-2026.webp","width":1390,"height":271},{"@type":"BreadcrumbList","@id":"https:\/\/medilas.ch\/fr\/veranstaltung\/congres-annuel-2026-de-la-sso-du-26-au-28-aout-2026\/#breadcrumb","itemListElement":[{"@type":"ListItem","position":1,"name":"Start","item":"https:\/\/medilas.ch\/fr\/"},{"@type":"ListItem","position":2,"name":"\u00c9v\u00e8nements","item":"https:\/\/medilas.ch\/fr\/veranstaltungen\/"},{"@type":"ListItem","position":3,"name":"Congr\u00e8s annuel 2026 de la SSO | Du 26 au 28 ao\u00fbt 2026"}]},{"@type":"WebSite","@id":"https:\/\/medilas.ch\/fr\/#website","url":"https:\/\/medilas.ch\/fr\/","name":"Medilas AG | Ophthalmologie und Augenchirurgie Schweiz","description":"Hochwertige Produkte, Instrumente und L\u00f6sungen f\u00fcr Augen\u00e4rzte, Kliniken und ambulante OP-Zentren.","potentialAction":[{"@type":"SearchAction","target":{"@type":"EntryPoint","urlTemplate":"https:\/\/medilas.ch\/fr\/?s={search_term_string}"},"query-input":{"@type":"PropertyValueSpecification","valueRequired":true,"valueName":"search_term_string"}}],"inLanguage":"fr-FR"}]}},"_links":{"self":[{"href":"https:\/\/medilas.ch\/fr\/wp-json\/wp\/v2\/tribe_events\/4470","targetHints":{"allow":["GET"]}}],"collection":[{"href":"https:\/\/medilas.ch\/fr\/wp-json\/wp\/v2\/tribe_events"}],"about":[{"href":"https:\/\/medilas.ch\/fr\/wp-json\/wp\/v2\/types\/tribe_events"}],"author":[{"embeddable":true,"href":"https:\/\/medilas.ch\/fr\/wp-json\/wp\/v2\/users\/1"}],"version-history":[{"count":0,"href":"https:\/\/medilas.ch\/fr\/wp-json\/wp\/v2\/tribe_events\/4470\/revisions"}],"wp:featuredmedia":[{"embeddable":true,"href":"https:\/\/medilas.ch\/fr\/wp-json\/wp\/v2\/media\/4471"}],"wp:attachment":[{"href":"https:\/\/medilas.ch\/fr\/wp-json\/wp\/v2\/media?parent=4470"}],"wp:term":[{"taxonomy":"post_tag","embeddable":true,"href":"https:\/\/medilas.ch\/fr\/wp-json\/wp\/v2\/tags?post=4470"},{"taxonomy":"tribe_events_cat","embeddable":true,"href":"https:\/\/medilas.ch\/fr\/wp-json\/wp\/v2\/tribe_events_cat?post=4470"}],"curies":[{"name":"wp","href":"https:\/\/api.w.org\/{rel}","templated":true}]}}